{"id":94,"date":"2018-10-16T13:37:04","date_gmt":"2018-10-16T17:37:04","guid":{"rendered":"https:\/\/ppgenfermagemcptl.ufms.br\/?page_id=94"},"modified":"2018-10-16T13:37:04","modified_gmt":"2018-10-16T17:37:04","slug":"curso-de-graduacao-em-medicina","status":"publish","type":"page","link":"https:\/\/ppgenfermagemcptl.ufms.br\/en\/curso-de-graduacao-em-medicina\/","title":{"rendered":"Curso de Gradua\u00e7\u00e3o em Medicina"},"content":{"rendered":"<p>Em setembro de 2014, o governo federal autorizou a abertura de 36 novos cursos de medicina em institui\u00e7\u00f5es privadas de ensino localizadas em 11 estados brasileiros (RO, PA, PE, BA, ES, MG, RJ, SP, PR, SC e RS), resultando em mais 2.290 vagas de gradua\u00e7\u00e3o. Em abril 2015, para adequar ainda mais a distribui\u00e7\u00e3o do ensino m\u00e9dico, foi publicado novo edital para a cria\u00e7\u00e3o de mais 22 novos cursos, dessa vez concentrados em cidades das regi\u00f5es Norte, Nordeste e Centro-Oeste, onde at\u00e9 o final de 2016 ser\u00e3o criadas 2.057 novas vagas de gradua\u00e7\u00e3o. A abertura das vagas de gradua\u00e7\u00e3o obedeceu os crit\u00e9rios da Lei do Mais M\u00e9dicos que inverteu a l\u00f3gica da escolha das institui\u00e7\u00f5es e munic\u00edpios. A nova legisla\u00e7\u00e3o condiciona a expans\u00e3o \u00e0 necessidade social, tanto para as escolas p\u00fablicas quanto para as privadas, apontando assim, para a interioriza\u00e7\u00e3o dos cursos e para uma distribui\u00e7\u00e3o equitativa entre as regi\u00f5es do pa\u00eds.<\/p>\n<p>O curso de Medicina da UFMS iniciou suas atividades ap\u00f3s a aprova\u00e7\u00e3o da Lei n\u00ba 2.629, publicada no dia 26 de julho de 1966, que criava o ICB (Instituto de Ci\u00eancias Biol\u00f3gicas de Campo Grande), juntamente com o curso de Farm\u00e1cia e Odontologia.<\/p>\n<p>Em mar\u00e7o de 1968, no gin\u00e1sio da uni\u00e3o Campo-grandense de estudantes, foi realizado o primeiro vestibular unificado com 32 vagas para o curso de Medicina, 24 para Farm\u00e1cia e 32<\/p>\n<p>para Odontologia. O curso s\u00f3 foi reconhecido em 1970, quando o presidente da rep\u00fablica general Em\u00edlio Garrastazu M\u00e9dici e o ministro da educa\u00e7\u00e3o e cultura Jarbas Passarinho, assinaram o decreto n\u00ba 67.484 que autorizou o funcionamento da universidade estadual de Mato Grosso, na cidade de Campo Grande-MT. Depois de decorridos trinta e cinco anos, o curso ganhou autonomia com a cria\u00e7\u00e3o da faculdade de medicina, em 19 de setembro de 2005, pela Resolu\u00e7\u00e3o COUN n\u00ba 27 sendo neste momento vinculada ao hospital universit\u00e1rio Maria Aparecida Pedrossian, e posteriormente a faculdade de medicina.<\/p>\n<p>Em 5 de junho de 2012, o MEC, por meio da Portaria SESu n\u00aa 109 cujo objeto disp\u00f5e sobre a expans\u00e3o de vagas em cursos de medicina e cria\u00e7\u00e3o de novos cursos de medicina nas universidades federais, autoriza a cria\u00e7\u00e3o de curso de medicina na UFMS Campus de Tr\u00eas Lagoas, condicionada \u00e0 obten\u00e7\u00e3o do devido ato autorizativo em atendimento ao disposto no art.28,\u00a7 2\u00ba, do decreto n\u00ba 5.773\/2006.<\/p>\n<p>Em 16 de julho de 2012, a reitora da Funda\u00e7\u00e3o Universidade Federal de Mato Grosso do Sul, assina a Portaria n\u00ba 440 constituindo comiss\u00e3o para realizar a implanta\u00e7\u00e3o do curso de medicina no campus de Tr\u00eas Lagoas, que imediatamente se reuniu e iniciou as provid\u00eancias cab\u00edveis.<\/p>\n<p>O estado de Mato Grosso do Sul tem hoje grande necessidade de profissionais m\u00e9dicos com capacidade para atuar em todos os n\u00edveis de aten\u00e7\u00e3o \u00e0 sa\u00fade, com base no rigor t\u00e9cnico e cient\u00edfico, capacitado ao exerc\u00edcio de atividades referentes \u00e0 sa\u00fade da popula\u00e7\u00e3o, pautado em princ\u00edpios \u00e9ticos, legais e na compreens\u00e3o da realidade social, cultural e econ\u00f4mica de seu meio, conduzindo sua atua\u00e7\u00e3o para transforma\u00e7\u00e3o da realidade em benef\u00edcio da comunidade.<\/p>\n<p>O sistema de sa\u00fade brasileiro vem passando por importantes transforma\u00e7\u00f5es, que visam melhorar o n\u00edvel de sa\u00fade da popula\u00e7\u00e3o. O programa de sa\u00fade da fam\u00edlia \u00e9 a estrat\u00e9gia que vem sendo utilizada para atingir parte destes objetivos, e encontra-se em expans\u00e3o na capital e no estado. Embora multiprofissional, o programa \u00e9 deficiente do m\u00e9dico com o perfil recomendado.<\/p>\n<p>A exist\u00eancia de curso de medicina p\u00fablico contribui para o desenvolvimento de projetos de pesquisa e extens\u00e3o junto \u00e0 comunidade, fornecendo, inclusive, log\u00edstica acad\u00eamica para especializa\u00e7\u00e3o e aperfei\u00e7oamento dos profissionais existentes, o que repercute diretamente nos servi\u00e7os de sa\u00fade prestados, ainda mais levando-se em considera\u00e7\u00e3o a constru\u00e7\u00e3o de um hospital p\u00fablico de 100 leitos iniciais pela prefeitura municipal que futuramente ser\u00e1 o hospital universit\u00e1rio, inclusive com possibilidades de oferecimento de vagas para Resid\u00eancia M\u00e9dica e multiprofissional.<\/p>\n<p>No campus de Tr\u00eas Lagoas, iniciou o curso de medicina baseado nas diretrizes curriculares propostas pelo MEC em Agosto de 2014, visando uma forma\u00e7\u00e3o generalista e humanizada preconizada para qualquer profissional da sa\u00fade. Na tentativa de readequar a grade curricular as demandas sociais e diretrizes curriculares nacionais para os cursos de medicina, o projeto pedag\u00f3gico do curso encontra-se em reformula\u00e7\u00e3o e an\u00e1lise, visando uma maior integra\u00e7\u00e3o de \u00e1reas imprescind\u00edveis para a forma\u00e7\u00e3o do profissional m\u00e9dico, incluindo a forma\u00e7\u00e3o biol\u00f3gica b\u00e1sica, forma\u00e7\u00e3o cl\u00ednica e aspectos de sa\u00fade coletiva imprescind\u00edveis para a forma\u00e7\u00e3o do profissional humanizado.<\/p>\n<p>O curso conta com 24 docentes e 8 colaboradores, sendo destes 13 professores das \u00e1reas b\u00e1sicas, 19 professores das \u00e1reas cl\u00ednicas e 12 t\u00e9cnicos administrativos e\/ou m\u00e9dicos. Ainda, recentemente foi aberto concurso p\u00fablico para contrata\u00e7\u00e3o efetiva de mais 16 m\u00e9dicos, com aproximadamente 12 vagas adicionais remanescentes para ingresso futuro de outros profissionais. Cabe ressaltar a expressiva participa\u00e7\u00e3o de docentes enfermeiros neste curso, sendo que atualmente conta com a presen\u00e7a de 8 enfermeiros em seu quadro de docentes 40h\/DE.<\/p>\n","protected":false},"excerpt":{"rendered":"<p>Em setembro de 2014, o governo federal autorizou a abertura de 36 novos cursos de medicina em institui\u00e7\u00f5es privadas de ensino localizadas em 11 estados brasileiros (RO, PA, PE, BA, ES, MG, RJ, SP, PR, SC e RS), resultando em mais 2.290 vagas de gradua\u00e7\u00e3o. Em abril 2015, para adequar ainda mais a distribui\u00e7\u00e3o do [&hellip;]<\/p>\n","protected":false},"author":6722,"featured_media":0,"parent":0,"menu_order":0,"comment_status":"closed","ping_status":"closed","template":"","meta":{"footnotes":""},"coauthors":[],"class_list":["post-94","page","type-page","status-publish","hentry"],"_links":{"self":[{"href":"https:\/\/ppgenfermagemcptl.ufms.br\/en\/wp-json\/wp\/v2\/pages\/94","targetHints":{"allow":["GET"]}}],"collection":[{"href":"https:\/\/ppgenfermagemcptl.ufms.br\/en\/wp-json\/wp\/v2\/pages"}],"about":[{"href":"https:\/\/ppgenfermagemcptl.ufms.br\/en\/wp-json\/wp\/v2\/types\/page"}],"author":[{"embeddable":true,"href":"https:\/\/ppgenfermagemcptl.ufms.br\/en\/wp-json\/wp\/v2\/users\/6722"}],"replies":[{"embeddable":true,"href":"https:\/\/ppgenfermagemcptl.ufms.br\/en\/wp-json\/wp\/v2\/comments?post=94"}],"version-history":[{"count":1,"href":"https:\/\/ppgenfermagemcptl.ufms.br\/en\/wp-json\/wp\/v2\/pages\/94\/revisions"}],"predecessor-version":[{"id":95,"href":"https:\/\/ppgenfermagemcptl.ufms.br\/en\/wp-json\/wp\/v2\/pages\/94\/revisions\/95"}],"wp:attachment":[{"href":"https:\/\/ppgenfermagemcptl.ufms.br\/en\/wp-json\/wp\/v2\/media?parent=94"}],"wp:term":[{"taxonomy":"author","embeddable":true,"href":"https:\/\/ppgenfermagemcptl.ufms.br\/en\/wp-json\/wp\/v2\/coauthors?post=94"}],"curies":[{"name":"wp","href":"https:\/\/api.w.org\/{rel}","templated":true}]}}